{"id":12,"date":"2022-02-08T14:32:00","date_gmt":"2022-02-08T13:32:00","guid":{"rendered":"http:\/\/naturtag-halstenbek.de\/?page_id=12"},"modified":"2022-02-08T14:30:23","modified_gmt":"2022-02-08T13:30:23","slug":"datenschutz","status":"publish","type":"page","link":"https:\/\/naturtag-halstenbek.de\/?page_id=12","title":{"rendered":"Datenschutz"},"content":{"rendered":"\n<h2 class=\"wp-block-heading\" id=\"a-datenschutzerklarung-nach-der-dsgvo\" style=\"font-size:1px\">A.&nbsp; Datenschutzerkl\u00e4rung nach der DSGVO<\/h2>\n\n\n\n<h3 class=\"wp-block-heading\" id=\"i-name-und-anschrift-des-verantwortlichen\">I.&nbsp; Name und Anschrift des Verantwortlichen<\/h3>\n\n\n\n<p>Der Verantwortliche im Sinne der\nDatenschutz-Grundverordnung und anderer nationaler Datenschutzgesetze der\nMitgliedsstaaten sowie sonstiger datenschutzrechtlicher Bestimmungen ist die:<\/p>\n\n\n\n<p><em>J\u00fcrgen\nHeidorn<\/em><\/p>\n\n\n\n<p><em>Friedrichshulder\nWeg 36<\/em><\/p>\n\n\n\n<p><em>25469\nHalstenbek<\/em><\/p>\n\n\n\n<p><em>Deutschland<\/em><\/p>\n\n\n\n<p><em>Tel.: 04101\/404155<\/em><\/p>\n\n\n\n<p><em>E-Mail: info@naturtag-halstenbek.de<\/em><\/p>\n\n\n\n<p><em>Website: www.naturtag-halstenbek.de<\/em><\/p>\n\n\n\n<p><\/p>\n\n\n\n<p><\/p>\n\n\n\n<p>zust\u00e4ndige Stelle:  Landesbeauftragte f\u00fcr Datenschutz <a href=\"https:\/\/www.datenschutzzentrum.de\/dse_begriffe\/#bb_08\">(LfD SH)<\/a><br> Unabh\u00e4ngiges Landeszentrum f\u00fcr Datenschutz Schleswig-Holstein (ULD)<br> Holstenstra\u00dfe 98<br> 24103 Kiel <\/p>\n\n\n\n<h2 class=\"wp-block-heading\" id=\"ii-allgemeines-zur-datenverarbeitung\">II.&nbsp;&nbsp;&nbsp;&nbsp;&nbsp;&nbsp;\nAllgemeines zur Datenverarbeitung<\/h2>\n\n\n\n<h3 class=\"wp-block-heading\" id=\"1-umfang-der-verarbeitung-personenbezogener-daten\">1.&nbsp;&nbsp;&nbsp;&nbsp;&nbsp;&nbsp;&nbsp;\nUmfang der Verarbeitung personenbezogener Daten<\/h3>\n\n\n\n<p>Wir verarbeiten personenbezogene Daten unserer\nNutzer grunds\u00e4tzlich nur, soweit dies zur Bereitstellung einer funktionsf\u00e4higen\nWebsite sowie unserer Inhalte und Leistungen erforderlich ist. Die Verarbeitung\npersonenbezogener Daten unserer Nutzer erfolgt regelm\u00e4\u00dfig nur nach Einwilligung\ndes Nutzers. Eine Ausnahme gilt in solchen F\u00e4llen, in denen eine vorherige\nEinholung einer Einwilligung aus tats\u00e4chlichen Gr\u00fcnden nicht m\u00f6glich ist und\ndie Verarbeitung der Daten durch gesetzliche Vorschriften gestattet ist. <\/p>\n\n\n\n<h3 class=\"wp-block-heading\" id=\"2-rechtsgrundlage-fur-die-verarbeitung-personenbezogener-daten\">2.&nbsp;&nbsp;&nbsp;&nbsp;&nbsp;&nbsp;&nbsp;\nRechtsgrundlage f\u00fcr die Verarbeitung\npersonenbezogener Daten<\/h3>\n\n\n\n<p>Soweit wir f\u00fcr Verarbeitungsvorg\u00e4nge\npersonenbezogener Daten eine Einwilligung der betroffenen Person einholen,\ndient Art.&nbsp;6 Abs.&nbsp;1 lit.&nbsp;a EU-Datenschutzgrundverordnung (DSGVO)\nals Rechtsgrundlage.<\/p>\n\n\n\n<p>Bei der Verarbeitung von personenbezogenen Daten,\ndie zur Erf\u00fcllung eines Vertrages, dessen Vertragspartei die betroffene Person\nist, erforderlich ist, dient Art.&nbsp;6 Abs.&nbsp;1 lit.&nbsp;b DSGVO als\nRechtsgrundlage. Dies gilt auch f\u00fcr Verarbeitungsvorg\u00e4nge, die zur Durchf\u00fchrung\nvorvertraglicher Ma\u00dfnahmen erforderlich sind.<\/p>\n\n\n\n<p>Soweit eine Verarbeitung personenbezogener Daten\nzur Erf\u00fcllung einer rechtlichen Verpflichtung erforderlich ist, der unser Unternehmen\nunterliegt, dient Art.&nbsp;6 Abs.&nbsp;1 lit.&nbsp;c DSGVO als\nRechtsgrundlage.<\/p>\n\n\n\n<p>F\u00fcr den Fall, dass lebenswichtige Interessen der\nbetroffenen Person oder einer anderen nat\u00fcrlichen Person eine Verarbeitung\npersonenbezogener Daten erforderlich machen, dient Art.&nbsp;6 Abs.&nbsp;1 lit.&nbsp;d\nDSGVO als Rechtsgrundlage.<\/p>\n\n\n\n<p>Ist die Verarbeitung zur Wahrung eines berechtigten\nInteresses unseres Unternehmens oder eines Dritten erforderlich und \u00fcberwiegen\ndie Interessen, Grundrechte und Grundfreiheiten des Betroffenen das\nerstgenannte Interesse nicht, so dient Art.&nbsp;6 Abs.&nbsp;1 lit.&nbsp;f\nDSGVO als Rechtsgrundlage f\u00fcr die Verarbeitung. <\/p>\n\n\n\n<h3 class=\"wp-block-heading\" id=\"3-datenloschung-und-speicherdauer\">3.&nbsp;&nbsp;&nbsp;&nbsp;&nbsp;&nbsp;&nbsp;\nDatenl\u00f6schung und Speicherdauer<\/h3>\n\n\n\n<p>Die personenbezogenen Daten der betroffenen Person werden\ngel\u00f6scht oder gesperrt, sobald der Zweck der Speicherung entf\u00e4llt. Eine Speicherung\nkann dar\u00fcber hinaus erfolgen, wenn dies durch den europ\u00e4ischen oder nationalen\nGesetzgeber in unionsrechtlichen Verordnungen, Gesetzen oder sonstigen\nVorschriften, denen der Verantwortliche unterliegt, vorgesehen wurde. Eine\nSperrung oder L\u00f6schung der Daten erfolgt auch dann, wenn eine durch die\ngenannten Normen vorgeschriebene Speicherfrist abl\u00e4uft, es sei denn, dass eine\nErforderlichkeit zur weiteren Speicherung der Daten f\u00fcr einen Vertragsabschluss\noder eine Vertragserf\u00fcllung besteht.<\/p>\n\n\n\n<h2 class=\"wp-block-heading\" id=\"iii-bereitstellung-der-website-und-erstellung-von-logfiles\">III.&nbsp;&nbsp;&nbsp;\nBereitstellung der Website und Erstellung von Logfiles<\/h2>\n\n\n\n<h3 class=\"wp-block-heading\" id=\"1-beschreibung-und-umfang-der-datenverarbeitung\">1.&nbsp;&nbsp;&nbsp;&nbsp;&nbsp;&nbsp;&nbsp;\nBeschreibung und Umfang der Datenverarbeitung<\/h3>\n\n\n\n<p>Bei jedem Aufruf unserer Internetseite erfasst\nunser System automatisiert Daten und Informationen vom Computersystem des\naufrufenden Rechners. <\/p>\n\n\n\n<p>Folgende Daten werden hierbei erhoben:<\/p>\n\n\n\n<ul class=\"wp-block-list\"><li>Informationen \u00fcber den Browsertyp und die\nverwendete Version<\/li><li>Das Betriebssystem des Nutzers<\/li><li>Den Internet-Service-Provider des Nutzers<\/li><li>Die IP-Adresse des Nutzers<\/li><li>Datum und Uhrzeit des Zugriffs<\/li><li>Websites, von denen das System des Nutzers auf\nunsere Internetseite gelangt <\/li><li>Websites, die vom System des Nutzers \u00fcber unsere\nWebsite aufgerufen werden<\/li><\/ul>\n\n\n\n<p>Die\nDaten werden ebenfalls in den Logfiles unseres Systems gespeichert. Nicht\nhiervon betroffen sind die IP-Adressen des Nutzers oder andere Daten, die die\nZuordnung der Daten zu einem Nutzer erm\u00f6glichen. Eine Speicherung dieser Daten\nzusammen mit anderen personenbezogenen Daten des Nutzers findet nicht statt.<\/p>\n\n\n\n<h3 class=\"wp-block-heading\" id=\"2-rechtsgrundlage-fur-die-datenverarbeitung\">2.&nbsp;&nbsp;&nbsp;&nbsp;&nbsp;&nbsp;&nbsp;\nRechtsgrundlage f\u00fcr die Datenverarbeitung <\/h3>\n\n\n\n<p>Rechtsgrundlage f\u00fcr die vor\u00fcbergehende Speicherung der Daten ist Art.&nbsp;6\nAbs.&nbsp;1 lit.&nbsp;f DSGVO. <\/p>\n\n\n\n<h3 class=\"wp-block-heading\" id=\"3-zweck-der-datenverarbeitung\">3.&nbsp;&nbsp;&nbsp;&nbsp;&nbsp;&nbsp;&nbsp;\nZweck der Datenverarbeitung<\/h3>\n\n\n\n<p>Die vor\u00fcbergehende Speicherung der IP-Adresse durch\ndas System ist notwendig, um eine Auslieferung der Website an den Rechner des\nNutzers zu erm\u00f6glichen. Hierf\u00fcr muss die IP-Adresse des Nutzers f\u00fcr die Dauer\nder Sitzung gespeichert bleiben. <\/p>\n\n\n\n<p>In diesen Zwecken liegt auch unser berechtigtes\nInteresse an der Datenverarbeitung nach Art.&nbsp;6 Abs.&nbsp;1 lit.&nbsp;f\nDSGVO.<\/p>\n\n\n\n<h3 class=\"wp-block-heading\" id=\"4-dauer-der-speicherung\">4.&nbsp;&nbsp;&nbsp;&nbsp;&nbsp;&nbsp;&nbsp;\nDauer der Speicherung<\/h3>\n\n\n\n<p>Die Daten werden gel\u00f6scht, sobald sie f\u00fcr die Erreichung des\nZweckes ihrer Erhebung nicht mehr erforderlich sind. Im Falle der Erfassung der\nDaten zur Bereitstellung der Website ist dies der Fall, wenn die jeweilige\nSitzung beendet ist. <\/p>\n\n\n\n<h3 class=\"wp-block-heading\" id=\"5-widerspruchs-und-beseitigungsmoglichkeit\">5.&nbsp;&nbsp;&nbsp;&nbsp;&nbsp;&nbsp;&nbsp;\nWiderspruchs- und Beseitigungsm\u00f6glichkeit<\/h3>\n\n\n\n<p>Die Erfassung der Daten zur Bereitstellung der Website und\ndie Speicherung der Daten in Logfiles ist f\u00fcr den Betrieb der Internetseite\nzwingend erforderlich. Es besteht folglich seitens des Nutzers keine\nWiderspruchsm\u00f6glichkeit. <\/p>\n\n\n\n<h2 class=\"wp-block-heading\" id=\"iv-verwendung-von-cookies\">IV.&nbsp;&nbsp;&nbsp;\nVerwendung von Cookies<\/h2>\n\n\n\n<p><strong>a) Beschreibung und Umfang der Datenverarbeitung<\/strong><\/p>\n\n\n\n<p>Unsere Webseite verwendet Cookies. Bei Cookies handelt es\nsich um Textdateien, die im Internetbrowser bzw. vom Internetbrowser auf dem\nComputersystem des Nutzers gespeichert werden. Ruft ein Nutzer eine Website\nauf, so kann ein Cookie auf dem Betriebssystem des Nutzers gespeichert werden.\nDieser Cookie enth\u00e4lt eine charakteristische Zeichenfolge, die eine eindeutige\nIdentifizierung des Browsers beim erneuten Aufrufen der Website erm\u00f6glicht. <\/p>\n\n\n\n<p><strong>b) Rechtsgrundlage f\u00fcr die Datenverarbeitung <\/strong><\/p>\n\n\n\n<p>Die Rechtsgrundlage f\u00fcr die Verarbeitung\npersonenbezogener Daten unter Verwendung von Cookies ist Art.&nbsp;6 Abs.&nbsp;1\nlit.&nbsp;f DSGVO.<\/p>\n\n\n\n<p><strong>c) Zweck der Datenverarbeitung<\/strong><\/p>\n\n\n\n<p>In diesen Zwecken liegt auch unser berechtigtes Interesse in\nder Verarbeitung der personenbezogenen Daten nach Art.&nbsp;6 Abs.&nbsp;1 lit.&nbsp;f\nDSGVO. <\/p>\n\n\n\n<p><strong>e) Dauer der Speicherung,\nWiderspruchs- und Beseitigungsm\u00f6glichkeit<\/strong><\/p>\n\n\n\n<p>Cookies werden auf dem Rechner des Nutzers gespeichert und\nvon diesem an unserer Seite \u00fcbermittelt. Daher haben Sie als Nutzer auch die\nvolle Kontrolle \u00fcber die Verwendung von Cookies. Durch eine \u00c4nderung der\nEinstellungen in Ihrem Internetbrowser k\u00f6nnen Sie die \u00dcbertragung von Cookies\ndeaktivieren oder einschr\u00e4nken. Bereits gespeicherte Cookies k\u00f6nnen jederzeit\ngel\u00f6scht werden. Dies kann auch automatisiert erfolgen. Werden Cookies f\u00fcr\nunsere Website deaktiviert, k\u00f6nnen m\u00f6glicherweise nicht mehr alle Funktionen\nder Website vollumf\u00e4nglich genutzt werden.<\/p>\n\n\n\n<h2 class=\"wp-block-heading\" id=\"v-kontaktformular-und-e-mail-kontakt\">V.&nbsp;&nbsp;&nbsp;&nbsp;&nbsp;&nbsp;&nbsp;&nbsp;&nbsp;&nbsp;&nbsp;\nKontaktformular und E-Mail-Kontakt<\/h2>\n\n\n\n<h3 class=\"wp-block-heading\" id=\"1-beschreibung-und-umfang-der-datenverarbeitung\">1.&nbsp;&nbsp;&nbsp;&nbsp;&nbsp;&nbsp;&nbsp;&nbsp;&nbsp;&nbsp;&nbsp;&nbsp;\nBeschreibung und Umfang der Datenverarbeitung<\/h3>\n\n\n\n<p>Auf unserer Internetseite ist ein Kontaktformular\nvorhanden, welches f\u00fcr die elektronische Kontaktaufnahme genutzt werden kann.\nNimmt ein Nutzer diese M\u00f6glichkeit wahr, so werden die in der Eingabemaske\neingegeben Daten an uns \u00fcbermittelt und gespeichert. Diese Daten sind:<\/p>\n\n\n\n<p>Name, Adresse, Telefonnummer und Emailadresse<em><\/em><\/p>\n\n\n\n<p>Im Zeitpunkt der Absendung der Nachricht\nwerden zudem folgende Daten gespeichert:<\/p>\n\n\n\n<ul class=\"wp-block-list\"><li>Die IP-Adresse des Nutzers<\/li><li>Datum und Uhrzeit der Registrierung<\/li><\/ul>\n\n\n\n<p>F\u00fcr die Verarbeitung der Daten wird im Rahmen des\nAbsendevorgangs Ihre Einwilligung eingeholt und auf diese Datenschutzerkl\u00e4rung\nverwiesen.<\/p>\n\n\n\n<p>Alternativ ist eine Kontaktaufnahme \u00fcber die\nbereitgestellte E-Mail-Adresse m\u00f6glich. In diesem Fall werden die mit der\nE-Mail \u00fcbermittelten personenbezogenen Daten des Nutzers gespeichert. <\/p>\n\n\n\n<p>Es erfolgt in diesem Zusammenhang keine Weitergabe\nder Daten an Dritte. Die Daten werden ausschlie\u00dflich f\u00fcr die Verarbeitung der\nKonversation verwendet.<\/p>\n\n\n\n<h3 class=\"wp-block-heading\" id=\"2-rechtsgrundlage-fur-die-datenverarbeitung\">2.&nbsp;&nbsp;&nbsp;&nbsp;&nbsp;&nbsp;&nbsp;\nRechtsgrundlage f\u00fcr die Datenverarbeitung <\/h3>\n\n\n\n<p>Rechtsgrundlage f\u00fcr die Verarbeitung der Daten ist\nbei Vorliegen einer Einwilligung des Nutzers Art.&nbsp;6 Abs.&nbsp;1 lit.&nbsp;a\nDSGVO.<\/p>\n\n\n\n<p>Rechtsgrundlage f\u00fcr die Verarbeitung der Daten, die\nim Zuge einer \u00dcbersendung einer E-Mail \u00fcbermittelt werden, ist Art.&nbsp;6\nAbs.&nbsp;1 lit.&nbsp;f DSGVO. Zielt der E-Mail-Kontakt auf den Abschluss eines\nVertrages ab, so ist zus\u00e4tzliche Rechtsgrundlage f\u00fcr die Verarbeitung Art.&nbsp;6\nAbs.&nbsp;1 lit.&nbsp;b DSGVO.<\/p>\n\n\n\n<h3 class=\"wp-block-heading\" id=\"3-zweck-der-datenverarbeitung\">3.&nbsp;&nbsp;&nbsp;&nbsp;&nbsp;&nbsp;&nbsp;\nZweck der Datenverarbeitung<\/h3>\n\n\n\n<p>Die Verarbeitung der personenbezogenen Daten aus\nder Eingabemaske dient uns allein zur Bearbeitung der Kontaktaufnahme. Im Falle\neiner Kontaktaufnahme per E-Mail liegt hieran auch das erforderliche\nberechtigte Interesse an der Verarbeitung der Daten.<\/p>\n\n\n\n<p>Die sonstigen w\u00e4hrend des Absendevorgangs\nverarbeiteten personenbezogenen Daten dienen dazu, einen Missbrauch des\nKontaktformulars zu verhindern und die Sicherheit unserer\ninformationstechnischen Systeme sicherzustellen.<\/p>\n\n\n\n<h3 class=\"wp-block-heading\" id=\"4-dauer-der-speicherung\">4.&nbsp;&nbsp;&nbsp;&nbsp;&nbsp;&nbsp;&nbsp;\nDauer der Speicherung<\/h3>\n\n\n\n<p>Die Daten werden gel\u00f6scht, sobald sie f\u00fcr die\nErreichung des Zweckes ihrer Erhebung nicht mehr erforderlich sind. F\u00fcr die\npersonenbezogenen Daten aus der Eingabemaske des Kontaktformulars und\ndiejenigen, die per E-Mail \u00fcbersandt wurden, ist dies dann der Fall, wenn die\njeweilige Konversation mit dem Nutzer beendet ist. Beendet ist die Konversation\ndann, wenn sich aus den Umst\u00e4nden entnehmen l\u00e4sst, dass der betroffene\nSachverhalt abschlie\u00dfend gekl\u00e4rt ist. <\/p>\n\n\n\n<p>Die w\u00e4hrend des Absendevorgangs zus\u00e4tzlich erhobenen\npersonenbezogenen Daten werden sp\u00e4testens nach einer Frist von sieben Tagen\ngel\u00f6scht.<\/p>\n\n\n\n<h3 class=\"wp-block-heading\" id=\"5-widerspruchs-und-beseitigungsmoglichkeit\">5.&nbsp;&nbsp;&nbsp;&nbsp;&nbsp;&nbsp;&nbsp;\nWiderspruchs- und Beseitigungsm\u00f6glichkeit<\/h3>\n\n\n\n<p>Der Nutzer hat jederzeit die M\u00f6glichkeit, seine\nEinwilligung zur Verarbeitung der personenbezogenen Daten zu widerrufen. Nimmt\nder Nutzer per E-Mail Kontakt mit uns auf, so kann er der Speicherung seiner\npersonenbezogenen Daten jederzeit widersprechen. In einem solchen Fall kann die\nKonversation nicht fortgef\u00fchrt werden.<\/p>\n\n\n\n<p>Der Widerspruch und der Widerruf k\u00f6nnen\ntelefonisch unter 04101\/404155, per Email an <a href=\"mailto:info@naturtag-halstenbek.de\">info@naturtag-halstenbek.de<\/a> oder\nper Post an J\u00fcrgen Heidorn, Friedrichshulder Weg 36, 25469 Halstenbek erfolgen.\n<\/p>\n\n\n\n<p>Alle personenbezogenen Daten, die im Zuge der\nKontaktaufnahme gespeichert wurden, werden in diesem Fall gel\u00f6scht.<\/p>\n\n\n\n<h2 class=\"wp-block-heading\" id=\"vi-rechte-der-betroffenen-person\">VI.&nbsp;&nbsp;&nbsp;\nRechte der betroffenen Person<\/h2>\n\n\n\n<p><em>Die folgende\nAuflistung umfasst alle Rechte der Betroffenen nach der DSGVO. Rechte, die f\u00fcr\ndie eigene Webseite keine Relevanz haben, m\u00fcssen nicht genannt werden. Insoweit\nkann die Auflistung gek\u00fcrzt werden.<\/em><\/p>\n\n\n\n<p>Werden personenbezogene Daten von Ihnen verarbeitet, sind\nSie Betroffener i.S.d. DSGVO und es stehen Ihnen folgende Rechte gegen\u00fcber dem\nVerantwortlichen zu:<\/p>\n\n\n\n<h3 class=\"wp-block-heading\" id=\"1-auskunftsrecht\">1.&nbsp;&nbsp;&nbsp;&nbsp;&nbsp;&nbsp;&nbsp;\nAuskunftsrecht<\/h3>\n\n\n\n<p>Sie k\u00f6nnen von dem Verantwortlichen eine Best\u00e4tigung dar\u00fcber\nverlangen, ob personenbezogene Daten, die Sie betreffen, von uns verarbeitet\nwerden. <\/p>\n\n\n\n<p>Liegt eine solche Verarbeitung vor, k\u00f6nnen Sie von dem\nVerantwortlichen \u00fcber folgende Informationen Auskunft verlangen:<\/p>\n\n\n\n<p>(1)&nbsp;&nbsp;&nbsp;&nbsp;&nbsp;&nbsp; die Zwecke,\nzu denen die personenbezogenen Daten verarbeitet werden;<\/p>\n\n\n\n<p>(2)&nbsp;&nbsp;&nbsp;&nbsp;&nbsp;&nbsp; die\nKategorien von personenbezogenen Daten, welche verarbeitet werden;<\/p>\n\n\n\n<p>(3)&nbsp;&nbsp;&nbsp;&nbsp;&nbsp;&nbsp; die Empf\u00e4nger bzw. die Kategorien von\nEmpf\u00e4ngern, gegen\u00fcber denen die Sie betreffenden personenbezogenen Daten\noffengelegt wurden oder noch offengelegt werden;<\/p>\n\n\n\n<p>(4)&nbsp;&nbsp;&nbsp;&nbsp;&nbsp;&nbsp; die geplante Dauer der Speicherung der\nSie betreffenden personenbezogenen Daten oder, falls konkrete Angaben hierzu\nnicht m\u00f6glich sind, Kriterien f\u00fcr die Festlegung der Speicherdauer;<\/p>\n\n\n\n<p>(5)&nbsp;&nbsp;&nbsp;&nbsp;&nbsp;&nbsp; das Bestehen eines Rechts auf\nBerichtigung oder L\u00f6schung der Sie betreffenden personenbezogenen Daten, eines\nRechts auf Einschr\u00e4nkung der Verarbeitung durch den Verantwortlichen oder eines\nWiderspruchsrechts gegen diese Verarbeitung; <\/p>\n\n\n\n<p>(6)&nbsp;&nbsp;&nbsp;&nbsp;&nbsp;&nbsp; das Bestehen eines\nBeschwerderechts bei einer Aufsichtsbeh\u00f6rde;<\/p>\n\n\n\n<p>(7)&nbsp;&nbsp;&nbsp;&nbsp;&nbsp;&nbsp; alle verf\u00fcgbaren Informationen \u00fcber die\nHerkunft der Daten, wenn die personenbezogenen Daten nicht bei der betroffenen\nPerson erhoben werden;<\/p>\n\n\n\n<p>(8)&nbsp;&nbsp;&nbsp;&nbsp;&nbsp;&nbsp; das Bestehen einer automatisierten\nEntscheidungsfindung einschlie\u00dflich Profiling gem\u00e4\u00df Art.&nbsp;22 Abs.&nbsp;1\nund 4 DSGVO und \u2013 zumindest in diesen F\u00e4llen \u2013 aussagekr\u00e4ftige Informationen\n\u00fcber die involvierte Logik sowie die Tragweite und die angestrebten\nAuswirkungen einer derartigen Verarbeitung f\u00fcr die betroffene Person.<\/p>\n\n\n\n<p>Ihnen steht das Recht zu, Auskunft dar\u00fcber zu verlangen, ob\ndie Sie betreffenden personenbezogenen Daten in ein Drittland oder an eine\ninternationale Organisation \u00fcbermittelt werden. In diesem Zusammenhang k\u00f6nnen\nSie verlangen, \u00fcber die geeigneten Garantien gem. Art.&nbsp;46 DSGVO im\nZusammenhang mit der \u00dcbermittlung unterrichtet zu Recht auf Berichtigung <\/p>\n\n\n\n<p>Sie haben ein Recht auf Berichtigung und\/oder\nVervollst\u00e4ndigung gegen\u00fcber dem Verantwortlichen, sofern die verarbeiteten\npersonenbezogenen Daten, die Sie betreffen, unrichtig oder unvollst\u00e4ndig sind.\nDer Verantwortliche hat die Berichtigung unverz\u00fcglich vorzunehmen.<\/p>\n\n\n\n<h3 class=\"wp-block-heading\" id=\"2-recht-auf-einschrankung-der-verarbeitung\">2.&nbsp;&nbsp;&nbsp;&nbsp;&nbsp;&nbsp;&nbsp;\nRecht auf Einschr\u00e4nkung der Verarbeitung<\/h3>\n\n\n\n<p>Unter den folgenden Voraussetzungen k\u00f6nnen Sie die\nEinschr\u00e4nkung der Verarbeitung der Sie betreffenden personenbezogenen Daten\nverlangen:<\/p>\n\n\n\n<p>(1)&nbsp;&nbsp;&nbsp;&nbsp;&nbsp;&nbsp; wenn Sie die Richtigkeit der Sie\nbetreffenden personenbezogenen f\u00fcr eine Dauer bestreiten, die es dem\nVerantwortlichen erm\u00f6glicht, die Richtigkeit der personenbezogenen Daten zu\n\u00fcberpr\u00fcfen;<\/p>\n\n\n\n<p>(2)&nbsp;&nbsp;&nbsp;&nbsp;&nbsp;&nbsp; die Verarbeitung unrechtm\u00e4\u00dfig ist und Sie\ndie L\u00f6schung der personenbezogenen Daten ablehnen und stattdessen die\nEinschr\u00e4nkung der Nutzung der personenbezogenen Daten verlangen;<\/p>\n\n\n\n<p>(3)&nbsp;&nbsp;&nbsp;&nbsp;&nbsp;&nbsp; der Verantwortliche die personenbezogenen\nDaten f\u00fcr die Zwecke der Verarbeitung nicht l\u00e4nger ben\u00f6tigt, Sie diese jedoch\nzur Geltendmachung, Aus\u00fcbung oder Verteidigung von Rechtsanspr\u00fcchen ben\u00f6tigen,\noder<\/p>\n\n\n\n<p>(4)&nbsp;&nbsp;&nbsp;&nbsp;&nbsp;&nbsp; wenn Sie Widerspruch gegen die\nVerarbeitung gem\u00e4\u00df Art.&nbsp;21 Abs.&nbsp;1 DSGVO eingelegt haben und noch\nnicht feststeht, ob die berechtigten Gr\u00fcnde des Verantwortlichen gegen\u00fcber\nIhren Gr\u00fcnden \u00fcberwiegen.<\/p>\n\n\n\n<p>Wurde die Verarbeitung der Sie betreffenden\npersonenbezogenen Daten eingeschr\u00e4nkt, d\u00fcrfen diese Daten \u2013 von ihrer\nSpeicherung abgesehen \u2013 nur mit Ihrer Einwilligung oder zur Geltendmachung,\nAus\u00fcbung oder Verteidigung von Rechtsanspr\u00fcchen oder zum Schutz der Rechte\neiner anderen nat\u00fcrlichen oder juristischen Person oder aus Gr\u00fcnden eines\nwichtigen \u00f6ffentlichen Interesses der Union oder eines Mitgliedstaats\nverarbeitet werden.<\/p>\n\n\n\n<p>Wurde die Einschr\u00e4nkung der Verarbeitung nach den o.g.\nVoraussetzungen eingeschr\u00e4nkt, werden Sie von dem Verantwortlichen unterrichtet\nbevor die Einschr\u00e4nkung aufgehoben wird.<\/p>\n\n\n\n<h3 class=\"wp-block-heading\" id=\"3-recht-auf-loschung\">3.&nbsp;&nbsp;&nbsp;&nbsp;&nbsp;&nbsp;&nbsp;\nRecht auf L\u00f6schung<\/h3>\n\n\n\n<h4 class=\"wp-block-heading\" id=\"a-loschungspflicht\">a)&nbsp;&nbsp;&nbsp;&nbsp;&nbsp;&nbsp;&nbsp;\nL\u00f6schungspflicht<\/h4>\n\n\n\n<p>Sie k\u00f6nnen von dem Verantwortlichen verlangen, dass die Sie\nbetreffenden personenbezogenen Daten unverz\u00fcglich gel\u00f6scht werden, und der\nVerantwortliche ist verpflichtet, diese Daten unverz\u00fcglich zu l\u00f6schen, sofern\neiner der folgenden Gr\u00fcnde zutrifft:<\/p>\n\n\n\n<p>(1)&nbsp;&nbsp;&nbsp;&nbsp;&nbsp;&nbsp; Die Sie betreffenden personenbezogenen\nDaten sind f\u00fcr die Zwecke, f\u00fcr die sie erhoben oder auf sonstige Weise\nverarbeitet wurden, nicht mehr notwendig.<\/p>\n\n\n\n<p>(2)&nbsp;&nbsp;&nbsp;&nbsp;&nbsp;&nbsp; Sie widerrufen Ihre Einwilligung, auf die\nsich die Verarbeitung gem. Art.&nbsp;6 Abs.&nbsp;1 lit.&nbsp;a oder Art.&nbsp;9\nAbs.&nbsp;2 lit.&nbsp;a DSGVO st\u00fctzte, und es fehlt an einer anderweitigen\nRechtsgrundlage f\u00fcr die Verarbeitung. <\/p>\n\n\n\n<p>(3)&nbsp;&nbsp;&nbsp;&nbsp;&nbsp;&nbsp; Sie legen gem. Art.&nbsp;21 Abs.&nbsp;1 DSGVO\nWiderspruch gegen die Verarbeitung ein und es liegen keine vorrangigen\nberechtigten Gr\u00fcnde f\u00fcr die Verarbeitung vor, oder Sie legen gem. Art.&nbsp;21 Abs.&nbsp;2\nDSGVO Widerspruch gegen die Verarbeitung ein. <\/p>\n\n\n\n<p>(4)&nbsp;&nbsp;&nbsp;&nbsp;&nbsp;&nbsp; Die Sie\nbetreffenden personenbezogenen Daten wurden unrechtm\u00e4\u00dfig verarbeitet. <\/p>\n\n\n\n<p>(5)&nbsp;&nbsp;&nbsp;&nbsp;&nbsp;&nbsp; Die L\u00f6schung der Sie betreffenden\npersonenbezogenen Daten ist zur Erf\u00fcllung einer rechtlichen Verpflichtung nach\ndem Unionsrecht oder dem Recht der Mitgliedstaaten erforderlich, dem der\nVerantwortliche unterliegt. <\/p>\n\n\n\n<p>(6)&nbsp;&nbsp;&nbsp;&nbsp;&nbsp;&nbsp; &nbsp;&nbsp;&nbsp;&nbsp;&nbsp;&nbsp;&nbsp;&nbsp;&nbsp;&nbsp;&nbsp; Die\nSie betreffenden personenbezogenen Daten wurden in Bezug auf angebotene Dienste\nder Informationsgesellschaft gem\u00e4\u00df Art.&nbsp;8 Abs.&nbsp;1 DSGVO erhoben.<\/p>\n\n\n\n<h4 class=\"wp-block-heading\" id=\"b-information-an-dritte\">b)&nbsp;&nbsp;&nbsp;&nbsp;&nbsp;&nbsp;&nbsp;\nInformation an Dritte<\/h4>\n\n\n\n<p>Hat der Verantwortliche die Sie betreffenden\npersonenbezogenen Daten \u00f6ffentlich gemacht und ist er gem. Art.&nbsp;17 Abs.&nbsp;1\nDSGVO zu deren L\u00f6schung verpflichtet, so trifft er unter Ber\u00fccksichtigung der\nverf\u00fcgbaren Technologie und der Implementierungskosten angemessene Ma\u00dfnahmen,\nauch technischer Art, um f\u00fcr die Datenverarbeitung Verantwortliche, die die\npersonenbezogenen Daten verarbeiten, dar\u00fcber zu informieren, dass Sie als\nbetroffene Person von ihnen die L\u00f6schung aller Links zu diesen\npersonenbezogenen Daten oder von Kopien oder Replikationen dieser\npersonenbezogenen Daten verlangt haben. <\/p>\n\n\n\n<h4 class=\"wp-block-heading\" id=\"c-ausnahmen\">c)&nbsp;&nbsp;&nbsp;&nbsp;&nbsp;&nbsp;&nbsp;\nAusnahmen<\/h4>\n\n\n\n<p>Das Recht auf L\u00f6schung besteht nicht, soweit die\nVerarbeitung erforderlich ist<\/p>\n\n\n\n<p>(1)&nbsp;&nbsp;&nbsp;&nbsp;&nbsp;&nbsp; zur Aus\u00fcbung\ndes Rechts auf freie Meinungs\u00e4u\u00dferung und Information;<\/p>\n\n\n\n<p>(2)&nbsp;&nbsp;&nbsp;&nbsp;&nbsp;&nbsp; zur Erf\u00fcllung einer rechtlichen\nVerpflichtung, die die Verarbeitung nach dem Recht der Union oder der\nMitgliedstaaten, dem der Verantwortliche unterliegt, erfordert, oder zur\nWahrnehmung einer Aufgabe, die im \u00f6ffentlichen Interesse liegt oder in Aus\u00fcbung\n\u00f6ffentlicher Gewalt erfolgt, die dem Verantwortlichen \u00fcbertragen wurde;<\/p>\n\n\n\n<p>(3)&nbsp;&nbsp;&nbsp;&nbsp;&nbsp;&nbsp; aus Gr\u00fcnden des \u00f6ffentlichen Interesses\nim Bereich der \u00f6ffentlichen Gesundheit gem\u00e4\u00df Art.&nbsp;9 Abs.&nbsp;2 lit.&nbsp;h\nund i sowie Art.&nbsp;9 Abs.&nbsp;3 DSGVO;<\/p>\n\n\n\n<p>(4)&nbsp;&nbsp;&nbsp;&nbsp;&nbsp;&nbsp; f\u00fcr im \u00f6ffentlichen Interesse liegende\nArchivzwecke, wissenschaftliche oder historische Forschungszwecke oder f\u00fcr\nstatistische Zwecke gem. Art.&nbsp;89 Abs.&nbsp;1 DSGVO, soweit das unter\nAbschnitt a) genannte Recht voraussichtlich die Verwirklichung der Ziele dieser\nVerarbeitung unm\u00f6glich macht oder ernsthaft beeintr\u00e4chtigt, oder<\/p>\n\n\n\n<p>(5)&nbsp;&nbsp;&nbsp;&nbsp;&nbsp;&nbsp; zur\nGeltendmachung, Aus\u00fcbung oder Verteidigung von Rechtsanspr\u00fcchen.<\/p>\n\n\n\n<h3 class=\"wp-block-heading\" id=\"4-recht-auf-unterrichtung\">4.&nbsp;&nbsp;&nbsp;&nbsp;&nbsp;&nbsp;&nbsp;\nRecht auf Unterrichtung<\/h3>\n\n\n\n<p>Haben Sie das Recht auf Berichtigung, L\u00f6schung oder\nEinschr\u00e4nkung der Verarbeitung gegen\u00fcber dem Verantwortlichen geltend gemacht,\nist dieser verpflichtet, allen Empf\u00e4ngern, denen die Sie betreffenden\npersonenbezogenen Daten offengelegt wurden, diese Berichtigung oder L\u00f6schung\nder Daten oder Einschr\u00e4nkung der Verarbeitung mitzuteilen, es sei denn, dies\nerweist sich als unm\u00f6glich oder ist mit einem unverh\u00e4ltnism\u00e4\u00dfigen Aufwand\nverbunden.<\/p>\n\n\n\n<p>Ihnen steht gegen\u00fcber dem Verantwortlichen das Recht zu,\n\u00fcber diese Empf\u00e4nger unterrichtet zu werden.<\/p>\n\n\n\n<h3 class=\"wp-block-heading\" id=\"5-recht-auf-datenubertragbarkeit\">5.&nbsp;&nbsp;&nbsp;&nbsp;&nbsp;&nbsp;&nbsp;\nRecht auf Daten\u00fcbertragbarkeit<\/h3>\n\n\n\n<p>Sie haben das Recht, die Sie betreffenden personenbezogenen\nDaten, die Sie dem Verantwortlichen bereitgestellt haben, in einem\nstrukturierten, g\u00e4ngigen und maschinenlesbaren Format zu erhalten. Au\u00dferdem\nhaben Sie das Recht diese Daten einem anderen Verantwortlichen ohne Behinderung\ndurch den Verantwortlichen, dem die personenbezogenen Daten bereitgestellt\nwurden, zu \u00fcbermitteln, sofern<\/p>\n\n\n\n<p>(1)&nbsp;&nbsp;&nbsp;&nbsp;&nbsp;&nbsp; die Verarbeitung auf einer Einwilligung\ngem. Art.&nbsp;6 Abs.&nbsp;1 lit.&nbsp;a DSGVO oder Art.&nbsp;9 Abs.&nbsp;2 lit.&nbsp;a\nDSGVO oder auf einem Vertrag gem. Art.&nbsp;6 Abs.&nbsp;1 lit.&nbsp;b DSGVO\nberuht und<\/p>\n\n\n\n<p>(2)&nbsp;&nbsp;&nbsp;&nbsp;&nbsp;&nbsp; die\nVerarbeitung mithilfe automatisierter Verfahren erfolgt.<\/p>\n\n\n\n<p>In Aus\u00fcbung dieses Rechts haben Sie ferner das Recht, zu\nerwirken, dass die Sie betreffenden personenbezogenen Daten direkt von einem\nVerantwortlichen einem anderen Verantwortlichen \u00fcbermittelt werden, soweit dies\ntechnisch machbar ist. Freiheiten und Rechte anderer Personen d\u00fcrfen hierdurch\nnicht beeintr\u00e4chtigt werden.<\/p>\n\n\n\n<p>Das Recht auf Daten\u00fcbertragbarkeit gilt nicht f\u00fcr eine\nVerarbeitung personenbezogener Daten, die f\u00fcr die Wahrnehmung einer Aufgabe\nerforderlich ist, die im \u00f6ffentlichen Interesse liegt oder in Aus\u00fcbung\n\u00f6ffentlicher Gewalt erfolgt, die dem Verantwortlichen \u00fcbertragen wurde.<\/p>\n\n\n\n<h3 class=\"wp-block-heading\" id=\"6-widerspruchsrecht\">6.&nbsp;&nbsp;&nbsp;&nbsp;&nbsp;&nbsp;&nbsp;\nWiderspruchsrecht<\/h3>\n\n\n\n<p>Sie haben das Recht, aus Gr\u00fcnden, die sich aus ihrer\nbesonderen Situation ergeben, jederzeit gegen die Verarbeitung der Sie\nbetreffenden personenbezogenen Daten, die aufgrund von Art.&nbsp;6 Abs.&nbsp;1 lit.&nbsp;e\noder f DSGVO erfolgt, Widerspruch einzulegen; dies gilt auch f\u00fcr ein auf diese\nBestimmungen gest\u00fctztes Profiling. <\/p>\n\n\n\n<p>Der Verantwortliche verarbeitet die Sie betreffenden\npersonenbezogenen Daten nicht mehr, es sei denn, er kann zwingende\nschutzw\u00fcrdige Gr\u00fcnde f\u00fcr die Verarbeitung nachweisen, die Ihre Interessen,\nRechte und Freiheiten \u00fcberwiegen, oder die Verarbeitung dient der\nGeltendmachung, Aus\u00fcbung oder Verteidigung von Rechtsanspr\u00fcchen.<\/p>\n\n\n\n<p>Werden die Sie betreffenden personenbezogenen Daten\nverarbeitet, um Direktwerbung zu betreiben, haben Sie das Recht, jederzeit\nWiderspruch gegen die Verarbeitung der Sie betreffenden personenbezogenen Daten\nzum Zwecke derartiger Werbung einzulegen; dies gilt auch f\u00fcr das Profiling,\nsoweit es mit solcher Direktwerbung in Verbindung steht.<\/p>\n\n\n\n<p>Widersprechen Sie der Verarbeitung f\u00fcr Zwecke der\nDirektwerbung, so werden die Sie betreffenden personenbezogenen Daten nicht\nmehr f\u00fcr diese Zwecke verarbeitet.<\/p>\n\n\n\n<p>Sie haben die M\u00f6glichkeit, im Zusammenhang mit der Nutzung\nvon Diensten der Informationsgesellschaft \u2013 ungeachtet der Richtlinie\n2002\/58\/EG \u2013 Ihr Widerspruchsrecht mittels automatisierter Verfahren auszu\u00fcben,\nbei denen technische Spezifikationen verwendet werden.<\/p>\n\n\n\n<h3 class=\"wp-block-heading\" id=\"7-recht-auf-widerruf-der-datenschutzrechtlichen-einwilligungserklarung\">7.&nbsp;&nbsp;&nbsp;&nbsp;&nbsp;&nbsp;&nbsp;\nRecht auf Widerruf der datenschutzrechtlichen\nEinwilligungserkl\u00e4rung<\/h3>\n\n\n\n<p>Sie haben das Recht, Ihre datenschutzrechtliche\nEinwilligungserkl\u00e4rung jederzeit zu widerrufen. Durch den Widerruf der\nEinwilligung wird die Rechtm\u00e4\u00dfigkeit der aufgrund der Einwilligung bis zum\nWiderruf erfolgten Verarbeitung nicht ber\u00fchrt.<\/p>\n\n\n\n<h3 class=\"wp-block-heading\" id=\"8-automatisierte-entscheidung-im-einzelfall-einschliesslich-profiling\">8.&nbsp;&nbsp;&nbsp;&nbsp;&nbsp;&nbsp;&nbsp;\nAutomatisierte Entscheidung im Einzelfall\neinschlie\u00dflich Profiling<\/h3>\n\n\n\n<p>Sie haben das Recht, nicht einer ausschlie\u00dflich auf einer\nautomatisierten Verarbeitung \u2013 einschlie\u00dflich Profiling \u2013 beruhenden\nEntscheidung unterworfen zu werden, die Ihnen gegen\u00fcber rechtliche Wirkung\nentfaltet oder Sie in \u00e4hnlicher Weise erheblich beeintr\u00e4chtigt. Dies gilt\nnicht, wenn die Entscheidung <\/p>\n\n\n\n<p>(1)&nbsp;&nbsp;&nbsp;&nbsp;&nbsp;&nbsp; f\u00fcr den Abschluss oder die Erf\u00fcllung\neines Vertrags zwischen Ihnen und dem Verantwortlichen erforderlich ist,<\/p>\n\n\n\n<p>(2)&nbsp;&nbsp;&nbsp;&nbsp;&nbsp;&nbsp; aufgrund von Rechtsvorschriften der Union\noder der Mitgliedstaaten, denen der Verantwortliche unterliegt, zul\u00e4ssig ist\nund diese Rechtsvorschriften angemessene Ma\u00dfnahmen zur Wahrung Ihrer Rechte und\nFreiheiten sowie Ihrer berechtigten Interessen enthalten oder<\/p>\n\n\n\n<p>(3)&nbsp;&nbsp;&nbsp;&nbsp;&nbsp;&nbsp; mit Ihrer\nausdr\u00fccklichen Einwilligung erfolgt.<\/p>\n\n\n\n<p>Allerdings d\u00fcrfen diese Entscheidungen nicht auf besonderen\nKategorien personenbezogener Daten nach Art.&nbsp;9 Abs.&nbsp;1 DSGVO beruhen,\nsofern nicht Art.&nbsp;9 Abs.&nbsp;2 lit.&nbsp;a oder g DSGVO gilt und\nangemessene Ma\u00dfnahmen zum Schutz der Rechte und Freiheiten sowie Ihrer\nberechtigten Interessen getroffen wurden.<\/p>\n\n\n\n<p>Hinsichtlich der in (1) und (3) genannten F\u00e4lle trifft der\nVerantwortliche angemessene Ma\u00dfnahmen, um die Rechte und Freiheiten sowie Ihre\nberechtigten Interessen zu wahren, wozu mindestens das Recht auf Erwirkung des\nEingreifens einer Person seitens des Verantwortlichen, auf Darlegung des\neigenen Standpunkts und auf Anfechtung der Entscheidung geh\u00f6rt.<\/p>\n\n\n\n<h3 class=\"wp-block-heading\" id=\"9-recht-auf-beschwerde-bei-einer-aufsichtsbehorde\">9.&nbsp;&nbsp;&nbsp;&nbsp;&nbsp;&nbsp;&nbsp;\nRecht auf Beschwerde bei einer Aufsichtsbeh\u00f6rde<\/h3>\n\n\n\n<p>Unbeschadet eines anderweitigen verwaltungsrechtlichen oder\ngerichtlichen Rechtsbehelfs steht Ihnen das Recht auf Beschwerde bei einer\nAufsichtsbeh\u00f6rde, insbesondere in dem Mitgliedstaat ihres Aufenthaltsorts,\nihres Arbeitsplatzes oder des Orts des mutma\u00dflichen Versto\u00dfes, zu, wenn Sie der\nAnsicht sind, dass die Verarbeitung der Sie betreffenden personenbezogenen\nDaten gegen die DSGVO verst\u00f6\u00dft. <\/p>\n\n\n\n<p>Die Aufsichtsbeh\u00f6rde, bei der die Beschwerde eingereicht\nwurde, unterrichtet den Beschwerdef\u00fchrer \u00fcber den Stand und die Ergebnisse der\nBeschwerde einschlie\u00dflich der M\u00f6glichkeit eines gerichtlichen Rechtsbehelfs\nnach Art.&nbsp;78 DSGVO.<\/p>\n","protected":false},"excerpt":{"rendered":"<p>A.&nbsp; Datenschutzerkl\u00e4rung nach der DSGVO I.&nbsp; Name und Anschrift des Verantwortlichen Der Verantwortliche im Sinne der Datenschutz-Grundverordnung und anderer nationaler Datenschutzgesetze der Mitgliedsstaaten sowie sonstiger datenschutzrechtlicher Bestimmungen ist die: J\u00fcrgen Heidorn Friedrichshulder Weg 36 25469 Halstenbek Deutschland Tel.: 04101\/404155 E-Mail: info@naturtag-halstenbek.de Website: www.naturtag-halstenbek.de zust\u00e4ndige Stelle: Landesbeauftragte f\u00fcr Datenschutz (LfD SH) Unabh\u00e4ngiges Landeszentrum f\u00fcr Datenschutz Schleswig-Holstein&hellip; <a class=\"more-link\" href=\"https:\/\/naturtag-halstenbek.de\/?page_id=12\"><span class=\"screen-reader-text\">Datenschutz<\/span> weiterlesen<\/a><\/p>\n","protected":false},"author":1,"featured_media":0,"parent":0,"menu_order":0,"comment_status":"closed","ping_status":"closed","template":"","meta":{"footnotes":""},"folder":[],"class_list":["post-12","page","type-page","status-publish","hentry","entry"],"_links":{"self":[{"href":"https:\/\/naturtag-halstenbek.de\/index.php?rest_route=\/wp\/v2\/pages\/12","targetHints":{"allow":["GET"]}}],"collection":[{"href":"https:\/\/naturtag-halstenbek.de\/index.php?rest_route=\/wp\/v2\/pages"}],"about":[{"href":"https:\/\/naturtag-halstenbek.de\/index.php?rest_route=\/wp\/v2\/types\/page"}],"author":[{"embeddable":true,"href":"https:\/\/naturtag-halstenbek.de\/index.php?rest_route=\/wp\/v2\/users\/1"}],"replies":[{"embeddable":true,"href":"https:\/\/naturtag-halstenbek.de\/index.php?rest_route=%2Fwp%2Fv2%2Fcomments&post=12"}],"version-history":[{"count":6,"href":"https:\/\/naturtag-halstenbek.de\/index.php?rest_route=\/wp\/v2\/pages\/12\/revisions"}],"predecessor-version":[{"id":352,"href":"https:\/\/naturtag-halstenbek.de\/index.php?rest_route=\/wp\/v2\/pages\/12\/revisions\/352"}],"wp:attachment":[{"href":"https:\/\/naturtag-halstenbek.de\/index.php?rest_route=%2Fwp%2Fv2%2Fmedia&parent=12"}],"wp:term":[{"taxonomy":"folder","embeddable":true,"href":"https:\/\/naturtag-halstenbek.de\/index.php?rest_route=%2Fwp%2Fv2%2Ffolder&post=12"}],"curies":[{"name":"wp","href":"https:\/\/api.w.org\/{rel}","templated":true}]}}